{"id":3372,"date":"2015-05-20T12:41:54","date_gmt":"2015-05-20T12:41:54","guid":{"rendered":"https:\/\/www.orthodontie-orthodontiste.ch\/?page_id=3372"},"modified":"2020-03-05T10:05:17","modified_gmt":"2020-03-05T10:05:17","slug":"orthodontics-dental-practice-dentist-lausanne-vevey-chatel-st-denis-lausanne","status":"publish","type":"page","link":"https:\/\/www.orthodontie-orthodontiste.ch\/en\/orthodontics-dental-practice-dentist-lausanne-vevey-chatel-st-denis-lausanne\/","title":{"rendered":"Booking an appointment"},"content":{"rendered":"<div id='layer_slider_1'  class='avia-layerslider main_color avia-shadow  avia-builder-el-0  el_before_av_hr  avia-builder-el-first  container_wrap fullsize'  style='height: 581px; max-width: 1200px; margin: 0 auto;'  ><\/div><div id='after_layer_slider_1'  class='main_color av_default_container_wrap container_wrap fullsize'  ><div class='container av-section-cont-open' ><div class='template-page content  av-content-full alpha units'><div class='post-entry post-entry-type-page post-entry-3372'><div class='entry-content-wrapper clearfix'>\n\n<style type=\"text\/css\" data-created_by=\"avia_inline_auto\" id=\"style-css-av-k74yge12-b16547ee35ceb5ebd127b7704e115503\">\n#top .hr.av-k74yge12-b16547ee35ceb5ebd127b7704e115503{\nmargin-top:0px;\nmargin-bottom:0px;\n}\n.hr.av-k74yge12-b16547ee35ceb5ebd127b7704e115503 .hr-inner{\nwidth:55px;\nborder-color:#4506b9;\n}\n<\/style>\n<div  class='hr av-k74yge12-b16547ee35ceb5ebd127b7704e115503 hr-custom  avia-builder-el-1  el_after_av_layerslider  el_before_av_heading  avia-builder-el-first  hr-left hr-icon-no'><span class='hr-inner inner-border-av-border-fat'><span class=\"hr-inner-style\"><\/span><\/span><\/div>\n\n<style type=\"text\/css\" data-created_by=\"avia_inline_auto\" id=\"style-css-av-av_heading-81f8aebdab7fc0aaf27a948778988372\">\n#top .av-special-heading.av-av_heading-81f8aebdab7fc0aaf27a948778988372{\npadding-bottom:10px;\n}\nbody .av-special-heading.av-av_heading-81f8aebdab7fc0aaf27a948778988372 .av-special-heading-tag .heading-char{\nfont-size:25px;\n}\n.av-special-heading.av-av_heading-81f8aebdab7fc0aaf27a948778988372 .av-subheading{\nfont-size:15px;\n}\n<\/style>\n<div  class='av-special-heading av-av_heading-81f8aebdab7fc0aaf27a948778988372 av-special-heading-h1 blockquote modern-quote  avia-builder-el-2  el_after_av_hr  el_before_av_one_half '><h1 class='av-special-heading-tag '  itemprop=\"headline\"  >Booking an appointment is simple!<\/h1><div class=\"special-heading-border\"><div class=\"special-heading-inner-border\"><\/div><\/div><\/div>\n<div  class='flex_column av-mxjq0c-fa7554bf4bf486d28e7e0e4fa595ea51 av_one_half  avia-builder-el-3  el_after_av_heading  el_before_av_one_half  first flex_column_div  '     ><section  class='av_textblock_section av-kiwamk-ba2f5967e1f3c324affb59b70273583d '   itemscope=\"itemscope\" itemtype=\"https:\/\/schema.org\/CreativeWork\" ><div class='avia_textblock'  itemprop=\"text\" ><p>ORTHODENT SA<br \/>\nRue du Simplon 2<br \/>\n1800 Vevey<br \/>\n<strong>Tel : 0848 22 48 22<\/strong><br \/>\n<a title=\"How to find your local Orthodent centre\" href=\"https:\/\/www.orthodontie-orthodontiste.ch\/?p=3750\">How to find us<\/a><\/p>\n<\/div><\/section><\/div>\n\n<style type=\"text\/css\" data-created_by=\"avia_inline_auto\" id=\"style-css-av-ixqgu4-a976eb225e8fb5540554e7a98a2c57a0\">\n.flex_column.av-ixqgu4-a976eb225e8fb5540554e7a98a2c57a0{\nborder-radius:0px 0px 0px 0px;\npadding:0px 0px 0px 0px;\n}\n<\/style>\n<div  class='flex_column av-ixqgu4-a976eb225e8fb5540554e7a98a2c57a0 av_one_half  avia-builder-el-5  el_after_av_one_half  el_before_av_one_half  flex_column_div av-zero-column-padding  '     ><section  class='av_textblock_section av-hpg8v0-611ec3b618635bdb02dd4851c712de55 '   itemscope=\"itemscope\" itemtype=\"https:\/\/schema.org\/CreativeWork\" ><div class='avia_textblock'  itemprop=\"text\" ><p>ORTHODENT SA<br \/>\nAvenue de la Gare 52<br \/>\n1618 Ch\u00e2tel-St-Denis<br \/>\n<strong>Tel : 0848 22 48 22<\/strong><br \/>\n<a title=\"How to find your local Orthodent centre\" href=\"https:\/\/www.orthodontie-orthodontiste.ch\/?p=3747\">How to find us<\/a><\/p>\n<\/div><\/section><\/div>\n<div  class='flex_column av-f8evcc-ff81b23ca13a7039e8f60143c5797089 av_one_half  avia-builder-el-7  el_after_av_one_half  el_before_av_one_half  first flex_column_div  column-top-margin'     ><section  class='av_textblock_section av-e3413w-a043e32468a3f2113b996169b59c7d01 '   itemscope=\"itemscope\" itemtype=\"https:\/\/schema.org\/CreativeWork\" ><div class='avia_textblock'  itemprop=\"text\" ><p>ORTHODENT SA<br \/>\nRue de Gruy\u00e8res 28<br \/>\n1630 Bulle<br \/>\n<strong>Tel : 0848 22 48 22<\/strong><br \/>\n<a title=\"How to find your local Orthodent centre\" href=\"https:\/\/www.orthodontie-orthodontiste.ch\/?p=3744\">How to find us<\/a><\/p>\n<\/div><\/section><\/div>\n\n<style type=\"text\/css\" data-created_by=\"avia_inline_auto\" id=\"style-css-av-cerbik-c76d2a5d402770a11c25c768be24269c\">\n.flex_column.av-cerbik-c76d2a5d402770a11c25c768be24269c{\nborder-radius:0px 0px 0px 0px;\npadding:0px 0px 0px 0px;\n}\n<\/style>\n<div  class='flex_column av-cerbik-c76d2a5d402770a11c25c768be24269c av_one_half  avia-builder-el-9  el_after_av_one_half  el_before_av_one_half  flex_column_div av-zero-column-padding  column-top-margin'     ><section  class='av_textblock_section av-agd8nw-b3e8b5024fe4d797d6da810826bab758 '   itemscope=\"itemscope\" itemtype=\"https:\/\/schema.org\/CreativeWork\" ><div class='avia_textblock'  itemprop=\"text\" ><p>ORTHODENT SA LAUSANNE<br \/>\nRoute de la Maladi\u00e8re 24<br \/>\n1022 Chavannes-Pr\u00e8s-Renens<br \/>\n<strong>T\u00e9l : 0848 22 48 22<br \/>\n<\/strong><a title=\"How to find your local Orthodent centre\" href=\"\/?p=4146\">How to find us<\/a><strong><br \/>\n<\/strong><\/p>\n<\/div><\/section><\/div>\n\n<style type=\"text\/css\" data-created_by=\"avia_inline_auto\" id=\"style-css-av-wbp18-4f36ee5bcffbcc90c10c2a7f5e1e4f96\">\n.flex_column.av-wbp18-4f36ee5bcffbcc90c10c2a7f5e1e4f96{\nborder-radius:0px 0px 0px 0px;\npadding:0px 0px 0px 0px;\n}\n<\/style>\n<div  class='flex_column av-wbp18-4f36ee5bcffbcc90c10c2a7f5e1e4f96 av_one_half  avia-builder-el-11  el_after_av_one_half  el_before_av_one_full  first flex_column_div av-zero-column-padding  column-top-margin'     ><section  class='av_textblock_section av-72cvnw-2cae6ad9dc30f3b22f8a47b734ebdf41 '   itemscope=\"itemscope\" itemtype=\"https:\/\/schema.org\/CreativeWork\" ><div class='avia_textblock'  itemprop=\"text\" ><p>ORTHODENT SA<br \/>\nAv. de lavaux 35<br \/>\n1009 Pully<strong><br \/>\n<strong>Tel : 0848 22 48 22<\/strong><br \/>\n<\/strong><a title=\"\" href=\"https:\/\/www.orthodontie-orthodontiste.ch\/?p=4367\">How to find us<\/a><strong><br \/>\n<\/strong><\/p>\n<\/div><\/section><\/div>\n<div  class='flex_column av-5qjrsc-351a08e199ce1db9b24cfa3e30922ef6 av_one_full  avia-builder-el-13  el_after_av_one_half  avia-builder-el-last  first flex_column_div  column-top-margin'     ><p><section  class='av_textblock_section av-4k47i4-be86fe0cbc918b505631768167411f13 '   itemscope=\"itemscope\" itemtype=\"https:\/\/schema.org\/CreativeWork\" ><div class='avia_textblock'  itemprop=\"text\" ><p>You can also use the electronic form below. We will get back to you as soon as we receive your message.<\/p>\n<\/div><\/section><br \/>\n<section  class='av_textblock_section av-26n06k-66da18f3fa5e0d30bf486ee736009eec '   itemscope=\"itemscope\" itemtype=\"https:\/\/schema.org\/CreativeWork\" ><div class='avia_textblock'  itemprop=\"text\" >\n<div class=\"wpcf7 no-js\" id=\"wpcf7-f4742-o1\" lang=\"fr-FR\" dir=\"ltr\" data-wpcf7-id=\"4742\">\n<div class=\"screen-reader-response\"><p role=\"status\" aria-live=\"polite\" aria-atomic=\"true\"><\/p> <ul><\/ul><\/div>\n<form action=\"\/en\/wp-json\/wp\/v2\/pages\/3372#wpcf7-f4742-o1\" method=\"post\" class=\"wpcf7-form init\" aria-label=\"Formulaire de contact\" novalidate=\"novalidate\" data-status=\"init\">\n<fieldset class=\"hidden-fields-container\"><input type=\"hidden\" name=\"_wpcf7\" value=\"4742\" \/><input type=\"hidden\" name=\"_wpcf7_version\" value=\"6.1.5\" \/><input type=\"hidden\" name=\"_wpcf7_locale\" value=\"fr_FR\" \/><input type=\"hidden\" name=\"_wpcf7_unit_tag\" value=\"wpcf7-f4742-o1\" \/><input type=\"hidden\" name=\"_wpcf7_container_post\" value=\"0\" \/><input type=\"hidden\" name=\"_wpcf7_posted_data_hash\" value=\"\" \/>\n<\/fieldset>\n<p>I would like to contact:\n<\/p>\n<p><span class=\"wpcf7-form-control-wrap\" data-name=\"menu-39\"><select class=\"wpcf7-form-control wpcf7-select\" aria-invalid=\"false\" name=\"menu-39\"><option value=\"Orthodent LAUSANNE\">Orthodent LAUSANNE<\/option><option value=\"Orthodent PULLY\">Orthodent PULLY<\/option><option value=\"Orthodent VEVEY\">Orthodent VEVEY<\/option><option value=\"Orthodent CH\u00c2TEL-ST-DENIS\">Orthodent CH\u00c2TEL-ST-DENIS<\/option><option value=\"Orthodent BULLE\">Orthodent BULLE<\/option><\/select><\/span>\n<\/p>\n<p>*Mandatory fields\n<\/p>\n<p><label>First Name*<span class=\"wpcf7-form-control-wrap\" data-name=\"text-236\"><input size=\"40\" maxlength=\"400\" class=\"wpcf7-form-control wpcf7-text wpcf7-validates-as-required\" aria-required=\"true\" aria-invalid=\"false\" placeholder=\"\" value=\"\" type=\"text\" name=\"text-236\" \/><\/span><\/label>\n<\/p>\n<p><label> Name*<span class=\"wpcf7-form-control-wrap\" data-name=\"your-name\"><input size=\"40\" maxlength=\"400\" class=\"wpcf7-form-control wpcf7-text wpcf7-validates-as-required\" aria-required=\"true\" aria-invalid=\"false\" value=\"\" type=\"text\" name=\"your-name\" \/><\/span> <\/label>\n<\/p>\n<p><label> Address* <span class=\"wpcf7-form-control-wrap\" data-name=\"text-818\"><input size=\"40\" maxlength=\"400\" class=\"wpcf7-form-control wpcf7-text wpcf7-validates-as-required\" aria-required=\"true\" aria-invalid=\"false\" placeholder=\"\" value=\"\" type=\"text\" name=\"text-818\" \/><\/span><\/label>\n<\/p>\n<p><label> NP and City* <span class=\"wpcf7-form-control-wrap\" data-name=\"text-14\"><input size=\"40\" maxlength=\"400\" class=\"wpcf7-form-control wpcf7-text wpcf7-validates-as-required\" aria-required=\"true\" aria-invalid=\"false\" value=\"\" type=\"text\" name=\"text-14\" \/><\/span><\/label>\n<\/p>\n<p><label> Phone* <span class=\"wpcf7-form-control-wrap\" data-name=\"tel-457\"><input size=\"40\" maxlength=\"400\" class=\"wpcf7-form-control wpcf7-tel wpcf7-validates-as-required wpcf7-text wpcf7-validates-as-tel\" aria-required=\"true\" aria-invalid=\"false\" placeholder=\"\" value=\"\" type=\"tel\" name=\"tel-457\" \/><\/span><\/label>\n<\/p>\n<p><label> Email* <span class=\"wpcf7-form-control-wrap\" data-name=\"your-email\"><input size=\"40\" maxlength=\"400\" class=\"wpcf7-form-control wpcf7-email wpcf7-validates-as-required wpcf7-text wpcf7-validates-as-email\" aria-required=\"true\" aria-invalid=\"false\" value=\"\" type=\"email\" name=\"your-email\" \/><\/span> <\/label>\n<\/p>\n<p><label> Message <span class=\"wpcf7-form-control-wrap\" data-name=\"your-message\"><textarea cols=\"40\" rows=\"10\" maxlength=\"2000\" class=\"wpcf7-form-control wpcf7-textarea\" aria-invalid=\"false\" name=\"your-message\"><\/textarea><\/span> <\/label>\n<\/p>\n<p><span class=\"wpcf7-form-control-wrap\" data-name=\"your-consent\"><span class=\"wpcf7-form-control wpcf7-acceptance\"><span class=\"wpcf7-list-item\"><label><input type=\"checkbox\" name=\"your-consent\" value=\"1\" aria-invalid=\"false\" \/><span class=\"wpcf7-list-item-label\">En envoyant ce message, j'accepte votre politique de confidentialit\u00e9.<\/span><\/label><\/span><\/span><\/span>\n<\/p>\n<p><input class=\"wpcf7-form-control wpcf7-submit has-spinner\" type=\"submit\" value=\"Submit\" \/>\n<\/p><p style=\"display: none !important;\" class=\"akismet-fields-container\" data-prefix=\"_wpcf7_ak_\"><label>&#916;<textarea name=\"_wpcf7_ak_hp_textarea\" cols=\"45\" rows=\"8\" maxlength=\"100\"><\/textarea><\/label><input type=\"hidden\" id=\"ak_js_1\" name=\"_wpcf7_ak_js\" value=\"143\"\/><script>document.getElementById( \"ak_js_1\" ).setAttribute( \"value\", ( new Date() ).getTime() );<\/script><\/p><div class=\"wpcf7-response-output\" aria-hidden=\"true\"><\/div>\n<\/form>\n<\/div>\n\n<\/div><\/section><\/p><\/div>\n","protected":false},"excerpt":{"rendered":"","protected":false},"author":4,"featured_media":0,"parent":0,"menu_order":0,"comment_status":"closed","ping_status":"closed","template":"","meta":{"footnotes":""},"class_list":["post-3372","page","type-page","status-publish","hentry"],"yoast_head":"<!-- This site is optimized with the Yoast SEO plugin v27.3 - https:\/\/yoast.com\/product\/yoast-seo-wordpress\/ -->\n<title>orthodontics-dental-practice-dentist-Lausanne-vevey-chatel-st-denis-dental-plaque | orthodontics-dentist-orthodontist | orthodontics<\/title>\n<meta name=\"description\" content=\"Cabinet dentaire Orthodent \u00e0 Vevey, Pully (Vaud), Chavannes-pr\u00e8s-Renens (Lausanne), Bulle et Ch\u00e2tel-St-Denis (Fribourg). Dentistes sp\u00e9cialis\u00e9s en orthodontie. L&#039;orthodontie \u00e0 prix doux pour enfants et adultes.\" \/>\n<meta name=\"robots\" content=\"index, follow, max-snippet:-1, max-image-preview:large, max-video-preview:-1\" \/>\n<link rel=\"canonical\" href=\"https:\/\/www.orthodontie-orthodontiste.ch\/en\/orthodontics-dental-practice-dentist-lausanne-vevey-chatel-st-denis-lausanne\/\" \/>\n<meta property=\"og:locale\" content=\"en_US\" \/>\n<meta property=\"og:type\" content=\"article\" \/>\n<meta property=\"og:title\" content=\"orthodontics-dental-practice-dentist-Lausanne-vevey-chatel-st-denis-dental-plaque | orthodontics-dentist-orthodontist | orthodontics\" \/>\n<meta property=\"og:description\" content=\"Cabinet dentaire Orthodent \u00e0 Vevey, Pully (Vaud), Chavannes-pr\u00e8s-Renens (Lausanne), Bulle et Ch\u00e2tel-St-Denis (Fribourg). Dentistes sp\u00e9cialis\u00e9s en orthodontie. L&#039;orthodontie \u00e0 prix doux pour enfants et adultes.\" \/>\n<meta property=\"og:url\" content=\"https:\/\/www.orthodontie-orthodontiste.ch\/en\/orthodontics-dental-practice-dentist-lausanne-vevey-chatel-st-denis-lausanne\/\" \/>\n<meta property=\"og:site_name\" content=\"Orthodent, les sp\u00e9cialistes de l&#039;orthodontie\" \/>\n<meta property=\"article:modified_time\" content=\"2020-03-05T10:05:17+00:00\" \/>\n<meta name=\"twitter:card\" content=\"summary_large_image\" \/>\n<meta name=\"twitter:label1\" content=\"Est. reading time\" \/>\n\t<meta name=\"twitter:data1\" content=\"3 minutes\" \/>\n<script type=\"application\/ld+json\" class=\"yoast-schema-graph\">{\"@context\":\"https:\\\/\\\/schema.org\",\"@graph\":[{\"@type\":\"WebPage\",\"@id\":\"https:\\\/\\\/www.orthodontie-orthodontiste.ch\\\/en\\\/orthodontics-dental-practice-dentist-lausanne-vevey-chatel-st-denis-lausanne\\\/\",\"url\":\"https:\\\/\\\/www.orthodontie-orthodontiste.ch\\\/en\\\/orthodontics-dental-practice-dentist-lausanne-vevey-chatel-st-denis-lausanne\\\/\",\"name\":\"orthodontics-dental-practice-dentist-Lausanne-vevey-chatel-st-denis-dental-plaque | orthodontics-dentist-orthodontist | orthodontics\",\"isPartOf\":{\"@id\":\"https:\\\/\\\/www.orthodontie-orthodontiste.ch\\\/en\\\/#website\"},\"datePublished\":\"2015-05-20T12:41:54+00:00\",\"dateModified\":\"2020-03-05T10:05:17+00:00\",\"description\":\"Cabinet dentaire Orthodent \u00e0 Vevey, Pully (Vaud), Chavannes-pr\u00e8s-Renens (Lausanne), Bulle et Ch\u00e2tel-St-Denis (Fribourg). Dentistes sp\u00e9cialis\u00e9s en orthodontie. L'orthodontie \u00e0 prix doux pour enfants et adultes.\",\"breadcrumb\":{\"@id\":\"https:\\\/\\\/www.orthodontie-orthodontiste.ch\\\/en\\\/orthodontics-dental-practice-dentist-lausanne-vevey-chatel-st-denis-lausanne\\\/#breadcrumb\"},\"inLanguage\":\"en-US\",\"potentialAction\":[{\"@type\":\"ReadAction\",\"target\":[\"https:\\\/\\\/www.orthodontie-orthodontiste.ch\\\/en\\\/orthodontics-dental-practice-dentist-lausanne-vevey-chatel-st-denis-lausanne\\\/\"]}]},{\"@type\":\"BreadcrumbList\",\"@id\":\"https:\\\/\\\/www.orthodontie-orthodontiste.ch\\\/en\\\/orthodontics-dental-practice-dentist-lausanne-vevey-chatel-st-denis-lausanne\\\/#breadcrumb\",\"itemListElement\":[{\"@type\":\"ListItem\",\"position\":1,\"name\":\"Accueil\",\"item\":\"https:\\\/\\\/www.orthodontie-orthodontiste.ch\\\/en\\\/orthodontics-2\\\/\"},{\"@type\":\"ListItem\",\"position\":2,\"name\":\"Booking an appointment\"}]},{\"@type\":\"WebSite\",\"@id\":\"https:\\\/\\\/www.orthodontie-orthodontiste.ch\\\/en\\\/#website\",\"url\":\"https:\\\/\\\/www.orthodontie-orthodontiste.ch\\\/en\\\/\",\"name\":\"Orthodent, les sp\u00e9cialistes de l'orthodontie\",\"description\":\"Confiez votre sourire \u00e0 nos orthodontistes\",\"potentialAction\":[{\"@type\":\"SearchAction\",\"target\":{\"@type\":\"EntryPoint\",\"urlTemplate\":\"https:\\\/\\\/www.orthodontie-orthodontiste.ch\\\/en\\\/?s={search_term_string}\"},\"query-input\":{\"@type\":\"PropertyValueSpecification\",\"valueRequired\":true,\"valueName\":\"search_term_string\"}}],\"inLanguage\":\"en-US\"}]}<\/script>\n<!-- \/ Yoast SEO plugin. -->","yoast_head_json":{"title":"orthodontics-dental-practice-dentist-Lausanne-vevey-chatel-st-denis-dental-plaque | orthodontics-dentist-orthodontist | orthodontics","description":"Cabinet dentaire Orthodent \u00e0 Vevey, Pully (Vaud), Chavannes-pr\u00e8s-Renens (Lausanne), Bulle et Ch\u00e2tel-St-Denis (Fribourg). Dentistes sp\u00e9cialis\u00e9s en orthodontie. L'orthodontie \u00e0 prix doux pour enfants et adultes.","robots":{"index":"index","follow":"follow","max-snippet":"max-snippet:-1","max-image-preview":"max-image-preview:large","max-video-preview":"max-video-preview:-1"},"canonical":"https:\/\/www.orthodontie-orthodontiste.ch\/en\/orthodontics-dental-practice-dentist-lausanne-vevey-chatel-st-denis-lausanne\/","og_locale":"en_US","og_type":"article","og_title":"orthodontics-dental-practice-dentist-Lausanne-vevey-chatel-st-denis-dental-plaque | orthodontics-dentist-orthodontist | orthodontics","og_description":"Cabinet dentaire Orthodent \u00e0 Vevey, Pully (Vaud), Chavannes-pr\u00e8s-Renens (Lausanne), Bulle et Ch\u00e2tel-St-Denis (Fribourg). Dentistes sp\u00e9cialis\u00e9s en orthodontie. L'orthodontie \u00e0 prix doux pour enfants et adultes.","og_url":"https:\/\/www.orthodontie-orthodontiste.ch\/en\/orthodontics-dental-practice-dentist-lausanne-vevey-chatel-st-denis-lausanne\/","og_site_name":"Orthodent, les sp\u00e9cialistes de l'orthodontie","article_modified_time":"2020-03-05T10:05:17+00:00","twitter_card":"summary_large_image","twitter_misc":{"Est. reading time":"3 minutes"},"schema":{"@context":"https:\/\/schema.org","@graph":[{"@type":"WebPage","@id":"https:\/\/www.orthodontie-orthodontiste.ch\/en\/orthodontics-dental-practice-dentist-lausanne-vevey-chatel-st-denis-lausanne\/","url":"https:\/\/www.orthodontie-orthodontiste.ch\/en\/orthodontics-dental-practice-dentist-lausanne-vevey-chatel-st-denis-lausanne\/","name":"orthodontics-dental-practice-dentist-Lausanne-vevey-chatel-st-denis-dental-plaque | orthodontics-dentist-orthodontist | orthodontics","isPartOf":{"@id":"https:\/\/www.orthodontie-orthodontiste.ch\/en\/#website"},"datePublished":"2015-05-20T12:41:54+00:00","dateModified":"2020-03-05T10:05:17+00:00","description":"Cabinet dentaire Orthodent \u00e0 Vevey, Pully (Vaud), Chavannes-pr\u00e8s-Renens (Lausanne), Bulle et Ch\u00e2tel-St-Denis (Fribourg). Dentistes sp\u00e9cialis\u00e9s en orthodontie. L'orthodontie \u00e0 prix doux pour enfants et adultes.","breadcrumb":{"@id":"https:\/\/www.orthodontie-orthodontiste.ch\/en\/orthodontics-dental-practice-dentist-lausanne-vevey-chatel-st-denis-lausanne\/#breadcrumb"},"inLanguage":"en-US","potentialAction":[{"@type":"ReadAction","target":["https:\/\/www.orthodontie-orthodontiste.ch\/en\/orthodontics-dental-practice-dentist-lausanne-vevey-chatel-st-denis-lausanne\/"]}]},{"@type":"BreadcrumbList","@id":"https:\/\/www.orthodontie-orthodontiste.ch\/en\/orthodontics-dental-practice-dentist-lausanne-vevey-chatel-st-denis-lausanne\/#breadcrumb","itemListElement":[{"@type":"ListItem","position":1,"name":"Accueil","item":"https:\/\/www.orthodontie-orthodontiste.ch\/en\/orthodontics-2\/"},{"@type":"ListItem","position":2,"name":"Booking an appointment"}]},{"@type":"WebSite","@id":"https:\/\/www.orthodontie-orthodontiste.ch\/en\/#website","url":"https:\/\/www.orthodontie-orthodontiste.ch\/en\/","name":"Orthodent, les sp\u00e9cialistes de l'orthodontie","description":"Confiez votre sourire \u00e0 nos orthodontistes","potentialAction":[{"@type":"SearchAction","target":{"@type":"EntryPoint","urlTemplate":"https:\/\/www.orthodontie-orthodontiste.ch\/en\/?s={search_term_string}"},"query-input":{"@type":"PropertyValueSpecification","valueRequired":true,"valueName":"search_term_string"}}],"inLanguage":"en-US"}]}},"_links":{"self":[{"href":"https:\/\/www.orthodontie-orthodontiste.ch\/en\/wp-json\/wp\/v2\/pages\/3372","targetHints":{"allow":["GET"]}}],"collection":[{"href":"https:\/\/www.orthodontie-orthodontiste.ch\/en\/wp-json\/wp\/v2\/pages"}],"about":[{"href":"https:\/\/www.orthodontie-orthodontiste.ch\/en\/wp-json\/wp\/v2\/types\/page"}],"author":[{"embeddable":true,"href":"https:\/\/www.orthodontie-orthodontiste.ch\/en\/wp-json\/wp\/v2\/users\/4"}],"replies":[{"embeddable":true,"href":"https:\/\/www.orthodontie-orthodontiste.ch\/en\/wp-json\/wp\/v2\/comments?post=3372"}],"version-history":[{"count":0,"href":"https:\/\/www.orthodontie-orthodontiste.ch\/en\/wp-json\/wp\/v2\/pages\/3372\/revisions"}],"wp:attachment":[{"href":"https:\/\/www.orthodontie-orthodontiste.ch\/en\/wp-json\/wp\/v2\/media?parent=3372"}],"curies":[{"name":"wp","href":"https:\/\/api.w.org\/{rel}","templated":true}]}}